{"id":1763,"date":"2021-05-05T00:00:08","date_gmt":"2021-05-04T22:00:08","guid":{"rendered":"http:\/\/www.schirnding.info\/?page_id=1763"},"modified":"2024-05-27T14:47:50","modified_gmt":"2024-05-27T14:47:50","slug":"bestens-aufgestellt-fuer-unser-klima","status":"publish","type":"page","link":"https:\/\/markt-schirnding.de\/index.php\/bestens-aufgestellt-fuer-unser-klima\/","title":{"rendered":"Bestens aufgestellt f\u00fcr unser Klima"},"content":{"rendered":"<h3 style=\"text-align: justify;\">Verbundprojekt Nationale Klimaschutzinitiative NKI<br \/>\nFahrradinfrastrukturelle Erschlie\u00dfung des Talraums der Eger im Bereich des inneren Fichtelgebirges (Ma\u00dfnahme Schirnding)<\/h3>\n<p style=\"text-align: justify;\">Der Markt Schirnding sorgt k\u00fcnftig im Raum Schirnding f\u00fcr mehr klimafreundlichen Radverkehr. Bis 2023 werden rund 466.700 Euro in die Verbesserung der Radverkehrssituation investiert. Der Bau zus\u00e4tzlicher Radwegeverbindungen soll das Radfahren in Zukunft noch attraktiver machen und die Lebensqualit\u00e4t in Schirnding und Umgebung nachhaltig anheben.<\/p>\n<p style=\"text-align: justify;\">Laufzeit:<br \/>\n2020 bis 2023<\/p>\n<p>Verbundpartner:<br \/>\nMarkt Schirnding, Stadt Marktleuthen, Stadt Wei\u00dfenstadt, Gemeinde R\u00f6slau, Markt Thierstein, Stadt Selb<\/p>\n<p>F\u00f6rderkennzeichen:<br \/>\n67KBR0084F<\/p>\n<p>F\u00f6rdervolumen:<br \/>\nrund 420.000 \u20ac<\/p>\n<p style=\"text-align: justify;\">Mit den Treibhausgas-mindernden Ma\u00dfnahmen werden die Verbundpartner auf eine Wirkzeit von 20 Jahren 16.820 Tonnen an CO2 einsparen (konservative Berechnung des CO2 Einsparpotentials gem\u00e4\u00df Projektsteckbrief, Stand 28.02.2019). Dies entspricht der Vermeidung von 5.673.143 PKW-Kilometern pro Jahr.<\/p>\n<p style=\"text-align: justify;\">B\u00fcrgermeisterin Karin Fleischer sagt dazu: &#8222;Vom Klimaschutz profitieren alle: Gemeinsam handeln f\u00fcr ein gesundes Klima!&#8220;<\/p>\n<p style=\"text-align: justify;\">Lokales Projekt, globale Wirkung &#8211; Die Nationale Klimaschutzinitiative (NKI) des Bundesumweltministeriums unterst\u00fctzt seit 2008 zahlreiche Projekte, die einen Beitrag zur Senkung der Treibhausgasemissionen leisten. Die F\u00f6rderung erstreckt sich von der Entwicklung langfristiger Strategien bis hin zu konkreten Hilfestellungen und investiven Ma\u00dfnahmen. Die guten Ideen aus den Projekten tragen dazu bei, den Klimaschutz vor Ort zu verankern. Hiervon profitieren Verbraucherinnen und Verbraucher, Kommunen, Unternehmen und Bildungseinrichtungen.<\/p>\n<p style=\"text-align: justify;\">Der Markt Schirnding leistet durch seine Klimaschutzanstrengungen ein wichtigen Beitrag dazu, dass Deutschland seine Klimaschutzziele erreicht.<\/p>\n<p style=\"text-align: left;\"><strong>Weiterf\u00fchrende Informationen zur Nationalen Klimaschutzinitiative des Bundesumweltministeriums finden Sie unter:<\/strong><br \/>\n<a href=\"http:\/\/www.klimaschutz.de\" target=\"_blank\" rel=\"noopener\">www.klimaschutz.de<\/a><br \/>\n<a href=\"http:\/\/www.bmu.de\" target=\"_blank\" rel=\"noopener\">www.bmu.de<\/a><\/p>\n<p style=\"text-align: justify;\"><strong>Kontakt f\u00fcr R\u00fcckfragen<\/strong><br \/>\nVerwaltungsgemeinschaft Schirnding<br \/>\nHerr Sommerer<br \/>\n09233\/7711-28<br \/>\nmichael.sommerer@vg-schirnding.de<\/p>\n<p><img loading=\"lazy\" decoding=\"async\" class=\"alignleft size-full wp-image-2681\" src=\"https:\/\/markt-schirnding.de\/wp-content\/uploads\/2024\/05\/BMWK_NKI_DE_2022.jpg\" alt=\"\" width=\"705\" height=\"366\" srcset=\"https:\/\/markt-schirnding.de\/wp-content\/uploads\/2024\/05\/BMWK_NKI_DE_2022.jpg 705w, https:\/\/markt-schirnding.de\/wp-content\/uploads\/2024\/05\/BMWK_NKI_DE_2022-300x156.jpg 300w, https:\/\/markt-schirnding.de\/wp-content\/uploads\/2024\/05\/BMWK_NKI_DE_2022-624x324.jpg 624w\" sizes=\"auto, (max-width: 705px) 100vw, 705px\" \/><\/p>\n<p>&nbsp;<\/p>\n","protected":false},"excerpt":{"rendered":"<p>Verbundprojekt Nationale Klimaschutzinitiative NKI Fahrradinfrastrukturelle Erschlie\u00dfung des Talraums der Eger im Bereich des inneren Fichtelgebirges (Ma\u00dfnahme Schirnding) Der Markt Schirnding sorgt k\u00fcnftig im Raum Schirnding f\u00fcr mehr klimafreundlichen Radverkehr. Bis 2023 werden rund 466.700 Euro in die Verbesserung der Radverkehrssituation investiert. Der Bau zus\u00e4tzlicher Radwegeverbindungen soll das Radfahren in Zukunft noch attraktiver machen und die [&hellip;]<\/p>\n","protected":false},"author":1,"featured_media":0,"parent":0,"menu_order":0,"comment_status":"closed","ping_status":"closed","template":"","meta":{"footnotes":"","_links_to":"","_links_to_target":""},"class_list":["post-1763","page","type-page","status-publish","hentry"],"_links":{"self":[{"href":"https:\/\/markt-schirnding.de\/index.php\/wp-json\/wp\/v2\/pages\/1763","targetHints":{"allow":["GET"]}}],"collection":[{"href":"https:\/\/markt-schirnding.de\/index.php\/wp-json\/wp\/v2\/pages"}],"about":[{"href":"https:\/\/markt-schirnding.de\/index.php\/wp-json\/wp\/v2\/types\/page"}],"author":[{"embeddable":true,"href":"https:\/\/markt-schirnding.de\/index.php\/wp-json\/wp\/v2\/users\/1"}],"replies":[{"embeddable":true,"href":"https:\/\/markt-schirnding.de\/index.php\/wp-json\/wp\/v2\/comments?post=1763"}],"version-history":[{"count":3,"href":"https:\/\/markt-schirnding.de\/index.php\/wp-json\/wp\/v2\/pages\/1763\/revisions"}],"predecessor-version":[{"id":2682,"href":"https:\/\/markt-schirnding.de\/index.php\/wp-json\/wp\/v2\/pages\/1763\/revisions\/2682"}],"wp:attachment":[{"href":"https:\/\/markt-schirnding.de\/index.php\/wp-json\/wp\/v2\/media?parent=1763"}],"curies":[{"name":"wp","href":"https:\/\/api.w.org\/{rel}","templated":true}]}}